{"id":1957,"date":"2021-06-25T07:14:26","date_gmt":"2021-06-25T07:14:26","guid":{"rendered":"http:\/\/www.fundacioncuidarycurar.org\/webfcyc\/?page_id=1957"},"modified":"2022-06-23T07:28:16","modified_gmt":"2022-06-23T07:28:16","slug":"programa-cuida-t","status":"publish","type":"page","link":"https:\/\/www.fundacioncuidarycurar.org\/webfcyc\/programa-cuida-t\/","title":{"rendered":"<Programa Cuida-T!>"},"content":{"rendered":"\n\n\t<p><strong>Programa Cuida-T<\/strong><\/p>\n\tCuida-T en casa, es un un innovador programa de atenci\u00f3n integral en el domicilio para el apoyo a personas mayores fr\u00e1giles, con enfermedades cr\u00f3nicas y\/o en situaci\u00f3n de dependencia.\n1\nEl envejecimiento del ser humano va acompa\u00f1ado de ciertos cambios fisiol\u00f3gicos que producen un deterioro y p\u00e9rdida de funcionalidad que nos hace m\u00e1s vulnerables y trae consigo otros problemas: el aumento de situaciones de dependencia, fragilidad, m\u00e1s casos de c\u00e1ncer y enfermedades cr\u00f3nicas entre otros, siendo estas algunas de las principales causas de deterioro de la salud, de la calidad de vida y tambi\u00e9n de muerte en todo el mundo. La soledad no deseada y el aislamiento social es otro de los principales problemas actuales de nuestras personas mayores y es que cada vez son m\u00e1s las personas mayores de 65 a\u00f1os que viven solas.\n1\nUno de los principales objetivos del programa Cuida-T es garantizar los cuidados adecuados en el entorno domiciliario, mejorando la calidad de vida de las personas y de sus cuidadores, apoy\u00e1ndolos para poder permanecer viviendo en su domicilio de la forma m\u00e1s aut\u00f3noma posible.\n\t\t\t\t<img loading=\"lazy\" decoding=\"async\" src=\"https:\/\/www.fundacioncuidarycurar.org\/webfcyc\/wp-content\/uploads\/2021\/07\/IMG_6319-scaled.jpg\" alt=\"IMG_6319\" itemprop=\"image\" height=\"2560\" width=\"1920\" title=\"IMG_6319\" onerror=\"this.style.display='none'\"  \/>\n\t\t\t\t<img loading=\"lazy\" decoding=\"async\" src=\"https:\/\/www.fundacioncuidarycurar.org\/webfcyc\/wp-content\/uploads\/2021\/07\/WhatsApp-Image-2021-06-17-at-16.03.39.jpeg\" alt=\"WhatsApp Image 2021-06-17 at 16.03.39\" itemprop=\"image\" height=\"1200\" width=\"1600\" title=\"WhatsApp Image 2021-06-17 at 16.03.39\" onerror=\"this.style.display='none'\"  \/>\n<p>Las nuevas tecnolog&iacute;as juegan un papel fundamental en este proyecto, ya que nos ofrecen diversas herramientas que nos permiten atender a las personas en su propio domicilio sin la necesidad de una atenci&oacute;n presencial.<\/p>\n<p>El programa Cuida- T se viene desarrollando desde hace ya varios a&ntilde;os gracias al apoyo de la Junta de Andaluc&iacute;a, a trav&eacute;s de subvenciones con cargo a la asignaci&oacute;n Tributaria del 0&#8217;7% del impuesto sobre la Renta de personas F&iacute;sicas (IRPF). Actualmente son 120 personas de diferentes municipios andaluces las que se benefician del programa.<\/p>\n\t<ul>\n<li>Programa CuidaT 2018. Subvenciones con cargo a la asignaci\u00f3n Tributaria del 0&#8217;7% del impuesto sobre la Renta de personas F\u00edsicas (IRPF) de 2017:\u00a0 Consejer\u00eda de Igualdad, Pol\u00edticas y Sociales y Conciliaci\u00f3n, Junta de Andaluc\u00eda.\u00a0\u00a026.956,55 \u20ac<\/li>\n<li>Programa CuidaT 2021. Subvenciones con cargo a la asignaci\u00f3n Tributaria del 0&#8217;7% del impuesto sobre la Renta de personas F\u00edsicas (IRPF) de 2020:\u00a0 Consejer\u00eda de Igualdad, Pol\u00edticas y Sociales y Conciliaci\u00f3n, Junta de Andaluc\u00eda. \u00a0139.805,29 \u20ac<\/li>\n<\/ul>\n\n","protected":false},"excerpt":{"rendered":"<p>Programa Cuida-T Cuida-T en casa, es un un innovador programa de atenci\u00f3n integral en el domicilio para el apoyo a personas mayores [&hellip;]<\/p>\n","protected":false},"author":1,"featured_media":0,"parent":0,"menu_order":0,"comment_status":"closed","ping_status":"closed","template":"page-templates\/page_fullwidth.php","meta":{"footnotes":""},"class_list":["post-1957","page","type-page","status-publish","hentry"],"_links":{"self":[{"href":"https:\/\/www.fundacioncuidarycurar.org\/webfcyc\/wp-json\/wp\/v2\/pages\/1957","targetHints":{"allow":["GET"]}}],"collection":[{"href":"https:\/\/www.fundacioncuidarycurar.org\/webfcyc\/wp-json\/wp\/v2\/pages"}],"about":[{"href":"https:\/\/www.fundacioncuidarycurar.org\/webfcyc\/wp-json\/wp\/v2\/types\/page"}],"author":[{"embeddable":true,"href":"https:\/\/www.fundacioncuidarycurar.org\/webfcyc\/wp-json\/wp\/v2\/users\/1"}],"replies":[{"embeddable":true,"href":"https:\/\/www.fundacioncuidarycurar.org\/webfcyc\/wp-json\/wp\/v2\/comments?post=1957"}],"version-history":[{"count":12,"href":"https:\/\/www.fundacioncuidarycurar.org\/webfcyc\/wp-json\/wp\/v2\/pages\/1957\/revisions"}],"predecessor-version":[{"id":2786,"href":"https:\/\/www.fundacioncuidarycurar.org\/webfcyc\/wp-json\/wp\/v2\/pages\/1957\/revisions\/2786"}],"wp:attachment":[{"href":"https:\/\/www.fundacioncuidarycurar.org\/webfcyc\/wp-json\/wp\/v2\/media?parent=1957"}],"curies":[{"name":"wp","href":"https:\/\/api.w.org\/{rel}","templated":true}]}}