{"id":1916,"date":"2021-06-21T11:17:58","date_gmt":"2021-06-21T11:17:58","guid":{"rendered":"http:\/\/www.fundacioncuidarycurar.org\/webfcyc\/?page_id=1916"},"modified":"2023-05-05T10:38:47","modified_gmt":"2023-05-05T10:38:47","slug":"voluntariado","status":"publish","type":"page","link":"https:\/\/www.fundacioncuidarycurar.org\/webfcyc\/voluntariado\/","title":{"rendered":""},"content":{"rendered":"\n\n\t<p>Voluntariado<\/p>\n\t<p><strong>Si deseas participar como voluntario\/a, d\u00e9janos tus datos y nos pondremos en contacto contigo<\/strong>.<\/p>\n\n<div class=\"wpcf7 no-js\" id=\"wpcf7-f6-o1\" lang=\"es-ES\" dir=\"ltr\" data-wpcf7-id=\"6\">\n<div class=\"screen-reader-response\"><p role=\"status\" aria-live=\"polite\" aria-atomic=\"true\"><\/p> <ul><\/ul><\/div>\n<form action=\"\/webfcyc\/wp-json\/wp\/v2\/pages\/1916#wpcf7-f6-o1\" method=\"post\" class=\"wpcf7-form init\" aria-label=\"Formulario de contacto\" novalidate=\"novalidate\" data-status=\"init\">\n<fieldset class=\"hidden-fields-container\"><input type=\"hidden\" name=\"_wpcf7\" value=\"6\" \/><input type=\"hidden\" name=\"_wpcf7_version\" value=\"6.1.5\" \/><input type=\"hidden\" name=\"_wpcf7_locale\" value=\"es_ES\" \/><input type=\"hidden\" name=\"_wpcf7_unit_tag\" value=\"wpcf7-f6-o1\" \/><input type=\"hidden\" name=\"_wpcf7_container_post\" value=\"0\" \/><input type=\"hidden\" name=\"_wpcf7_posted_data_hash\" value=\"\" \/>\n<\/fieldset>\n<p><label> Nombre*<br \/>\n<span class=\"wpcf7-form-control-wrap\" data-name=\"nombre\"><input size=\"40\" maxlength=\"400\" class=\"wpcf7-form-control wpcf7-text wpcf7-validates-as-required\" aria-required=\"true\" aria-invalid=\"false\" value=\"\" type=\"text\" name=\"nombre\" \/><\/span> <\/label>\n<\/p>\n<p><label> Primer Apellido*<br \/>\n<span class=\"wpcf7-form-control-wrap\" data-name=\"PrimerApellido\"><input size=\"40\" maxlength=\"400\" class=\"wpcf7-form-control wpcf7-text wpcf7-validates-as-required\" aria-required=\"true\" aria-invalid=\"false\" value=\"\" type=\"text\" name=\"PrimerApellido\" \/><\/span> <\/label>\n<\/p>\n<p><label> Segundo Apellido<br \/>\n<span class=\"wpcf7-form-control-wrap\" data-name=\"SegundoApellido\"><input size=\"40\" maxlength=\"400\" class=\"wpcf7-form-control wpcf7-text\" aria-invalid=\"false\" value=\"\" type=\"text\" name=\"SegundoApellido\" \/><\/span> <\/label>\n<\/p>\n<p><label> T\u00e9lefono*<br \/>\n<span class=\"wpcf7-form-control-wrap\" data-name=\"Telefono\"><input size=\"40\" maxlength=\"400\" class=\"wpcf7-form-control wpcf7-tel wpcf7-validates-as-required wpcf7-text wpcf7-validates-as-tel\" aria-required=\"true\" aria-invalid=\"false\" value=\"\" type=\"tel\" name=\"Telefono\" \/><\/span> <\/label>\n<\/p>\n<p><label> Email*<br \/>\n<span class=\"wpcf7-form-control-wrap\" data-name=\"email\"><input size=\"40\" maxlength=\"400\" class=\"wpcf7-form-control wpcf7-email wpcf7-validates-as-required wpcf7-text wpcf7-validates-as-email\" aria-required=\"true\" aria-invalid=\"false\" value=\"\" type=\"email\" name=\"email\" \/><\/span> <\/label>\n<\/p>\n<p><label> \u00bfNos cuentas tu motivaci\u00f3n?<br \/>\n<span class=\"wpcf7-form-control-wrap\" data-name=\"mensaje\"><textarea cols=\"40\" rows=\"10\" maxlength=\"2000\" class=\"wpcf7-form-control wpcf7-textarea wpcf7-validates-as-required\" aria-required=\"true\" aria-invalid=\"false\" name=\"mensaje\"><\/textarea><\/span> <\/label>\n<\/p>\n<p><span class=\"wpcf7-form-control-wrap\" data-name=\"checkbox-57\"><span class=\"wpcf7-form-control wpcf7-checkbox wpcf7-validates-as-required\"><span class=\"wpcf7-list-item first last\"><label><input type=\"checkbox\" name=\"checkbox-57[]\" value=\"He le\u00eddo, entiendo y acepto la\" \/><span class=\"wpcf7-list-item-label\">He le\u00eddo, entiendo y acepto la<\/span><\/label><\/span><\/span><\/span><a href=\"politica-de-privacidad-voluntariado\" target=\"_blank\"> pol\u00edtica de privacidad<\/a>\n<\/p>\n<p style=\"font-size: 12px\"><b>Informaci\u00f3n b\u00e1sica de Protecci\u00f3n de Datos<\/b>\n<\/p>\n<p style=\"font-size: 12px\"><b>Responsable:<\/b> FUNDACI\u00d3N CURAR Y CUIDAR\n<\/p>\n<p style=\"font-size: 12px\"><b>Finalidades:<\/b> Incluir en la base de datos de candidatos\/as de voluntarios\/as y en la base de datos del voluntariado de la Entidad, los datos facilitados.\n<\/p>\n<p style=\"font-size: 12px\"><b>Legitimaci\u00f3n:<\/b> Consentimiento del interesado.\n<\/p>\n<p style=\"font-size: 12px\"><b>Destinatarios:<\/b> No comunicaremos sus datos a terceros salvo obligaci\u00f3n legal y a las empresas que se indican en la informaci\u00f3n adicional.\n<\/p>\n<p style=\"font-size: 12px\"><b>Derechos:<\/b> Tienes derecho a acceder, rectificar y suprimir los datos, as\u00ed como otros derechos, cuyo detalle se incluye en la informaci\u00f3n adicional.\n<\/p>\n<p><input class=\"wpcf7-form-control wpcf7-submit has-spinner\" type=\"submit\" value=\"Enviar\" \/>\n<\/p><div class=\"wpcf7-response-output\" aria-hidden=\"true\"><\/div>\n<\/form>\n<\/div>\n\n\n","protected":false},"excerpt":{"rendered":"<p>Voluntariado Si deseas participar como voluntario\/a, d\u00e9janos tus datos y nos pondremos en contacto contigo.<\/p>\n","protected":false},"author":1,"featured_media":0,"parent":0,"menu_order":0,"comment_status":"closed","ping_status":"closed","template":"page-templates\/page_fullwidth.php","meta":{"footnotes":""},"class_list":["post-1916","page","type-page","status-publish","hentry"],"_links":{"self":[{"href":"https:\/\/www.fundacioncuidarycurar.org\/webfcyc\/wp-json\/wp\/v2\/pages\/1916","targetHints":{"allow":["GET"]}}],"collection":[{"href":"https:\/\/www.fundacioncuidarycurar.org\/webfcyc\/wp-json\/wp\/v2\/pages"}],"about":[{"href":"https:\/\/www.fundacioncuidarycurar.org\/webfcyc\/wp-json\/wp\/v2\/types\/page"}],"author":[{"embeddable":true,"href":"https:\/\/www.fundacioncuidarycurar.org\/webfcyc\/wp-json\/wp\/v2\/users\/1"}],"replies":[{"embeddable":true,"href":"https:\/\/www.fundacioncuidarycurar.org\/webfcyc\/wp-json\/wp\/v2\/comments?post=1916"}],"version-history":[{"count":29,"href":"https:\/\/www.fundacioncuidarycurar.org\/webfcyc\/wp-json\/wp\/v2\/pages\/1916\/revisions"}],"predecessor-version":[{"id":3019,"href":"https:\/\/www.fundacioncuidarycurar.org\/webfcyc\/wp-json\/wp\/v2\/pages\/1916\/revisions\/3019"}],"wp:attachment":[{"href":"https:\/\/www.fundacioncuidarycurar.org\/webfcyc\/wp-json\/wp\/v2\/media?parent=1916"}],"curies":[{"name":"wp","href":"https:\/\/api.w.org\/{rel}","templated":true}]}}