{"id":1909,"date":"2021-06-21T10:56:24","date_gmt":"2021-06-21T10:56:24","guid":{"rendered":"http:\/\/www.fundacioncuidarycurar.org\/webfcyc\/?page_id=1909"},"modified":"2026-03-10T10:40:38","modified_gmt":"2026-03-10T10:40:38","slug":"actualidad","status":"publish","type":"page","link":"https:\/\/www.fundacioncuidarycurar.org\/webfcyc\/actualidad\/","title":{"rendered":"Actualidad"},"content":{"rendered":"\n\n\t<p><strong>Noticias<\/strong><\/p>\n<figure itemscope itemtype=\"https:\/\/schema.org\/ImageObject\">\n\t\t\t\t<a href=\"https:\/\/www.fundacioncuidarycurar.org\/webfcyc\/2026\/03\/10\/fundacion-cuidar-y-curar-participa-en-dos-jornadas-formativas-sobre-atencion-a-la-soledad-no-deseada-y-vida-activa\/\"  target=\"_self\" itemprop=\"url\">\n\t\t\t\t<img decoding=\"async\" src=\"https:\/\/www.fundacioncuidarycurar.org\/webfcyc\/wp-content\/uploads\/2026\/03\/Imagen-1.jpg\" alt=\"Imagen 1\" height=\"361\" width=\"454\" title=\"Imagen 1\" onerror=\"this.style.display='none'\" loading=\"lazy\" \/>\n\t\t\t\t<\/a>\n\t<\/figure>\n\t<p><strong>Fundaci\u00f3n Cuidar y Curar participa en dos jornadas formativas sobre atenci\u00f3n a la soledad no deseada y vida activa<\/strong><\/p>\n<p><em>Mar 10, 2026<\/em><\/p>\n<p>El pasado mes de febrero, profesionales de Fundaci\u00f3n Cuidar y Curar participaron en dos importantes jornadas organizadas por distintas entidades de la Junta de Andaluc\u00eda, centradas en el desarrollo de estrategias para promover una vida activa y abordar la soledad no deseada en personas mayores.<\/p>\n<p><strong><a href=\"https:\/\/www.fundacioncuidarycurar.org\/webfcyc\/2026\/03\/10\/fundacion-cuidar-y-curar-participa-en-dos-jornadas-formativas-sobre-atencion-a-la-soledad-no-deseada-y-vida-activa\/\">Leer m\u00e1s<\/a><\/strong><\/p>\n<figure itemscope itemtype=\"https:\/\/schema.org\/ImageObject\">\n\t\t\t\t<a href=\"https:\/\/www.fundacioncuidarycurar.org\/webfcyc\/2026\/03\/04\/los-programas-de-atencion-sociosanitaria-refuerzan-su-impacto-positivo-en-el-bienestar-de-las-personas-mayores\/\"  target=\"_self\" itemprop=\"url\">\n\t\t\t\t<img decoding=\"async\" src=\"https:\/\/www.fundacioncuidarycurar.org\/webfcyc\/wp-content\/uploads\/2026\/03\/manos.jpg\" alt=\"manos\" height=\"767\" width=\"1307\" title=\"manos\" onerror=\"this.style.display='none'\" loading=\"lazy\" \/>\n\t\t\t\t<\/a>\n\t<\/figure>\n\t<p><strong>Fundaci\u00f3n Unicaja y Fundaci\u00f3n Cuidar y Curar se unen en el programa Ning\u00fan Mayor Solo 2025<\/strong><\/p>\n<p><em>Dic 5, 2025<\/em><\/p>\n<p>La Fundaci\u00f3n Unicaja nos vuelve a brindar con el programa \u00abNing\u00fan mayor solo..\u00bb destinado a aquellos mayores que residan solos. A trav\u00e9s de este programa los mayores que no quieran pasar estas entra\u00f1ables fiestas en la soledad de su hogar&#8230;<\/p>\n<p><strong><a href=\"https:\/\/www.fundacioncuidarycurar.org\/webfcyc\/2026\/03\/04\/los-programas-de-atencion-sociosanitaria-refuerzan-su-impacto-positivo-en-el-bienestar-de-las-personas-mayores\/\">Leer m\u00e1s<\/a><\/strong><\/p>\n<figure itemscope itemtype=\"https:\/\/schema.org\/ImageObject\">\n\t\t\t\t<a href=\"https:\/\/www.fundacioncuidarycurar.org\/webfcyc\/2025\/12\/05\/fundacion-unicaja-y-fundacion-cuidar-y-curar-se-unen-en-el-programa-ningun-mayor-solo-2025\/\"  target=\"_self\" itemprop=\"url\">\n\t\t\t\t<img decoding=\"async\" src=\"https:\/\/www.fundacioncuidarycurar.org\/webfcyc\/wp-content\/uploads\/2025\/12\/FIN-DE-ANO-FUNDACION-2025-1-e1764933069399.png\" alt=\"FIN DE AN\u0303O FUNDACION 2025\" height=\"1167\" width=\"1586\" title=\"FIN DE AN\u0303O FUNDACION 2025\" onerror=\"this.style.display='none'\" loading=\"lazy\" \/>\n\t\t\t\t<\/a>\n\t<\/figure>\n\t<p><strong>Fundaci\u00f3n Unicaja y Fundaci\u00f3n Cuidar y Curar se unen en el programa Ning\u00fan Mayor Solo 2025<\/strong><\/p>\n<p><em>Dic 5, 2025<\/em><\/p>\n<p>La Fundaci\u00f3n Unicaja nos vuelve a brindar con el programa \u00abNing\u00fan mayor solo..\u00bb destinado a aquellos mayores que residan solos. A trav\u00e9s de este programa los mayores que no quieran pasar estas entra\u00f1ables fiestas en la soledad de su hogar&#8230;<\/p>\n<p><strong><a href=\"https:\/\/www.fundacioncuidarycurar.org\/webfcyc\/2025\/12\/05\/fundacion-unicaja-y-fundacion-cuidar-y-curar-se-unen-en-el-programa-ningun-mayor-solo-2025\/\">Leer m\u00e1s<\/a><\/strong><\/p>\n<figure itemscope itemtype=\"https:\/\/schema.org\/ImageObject\">\n\t\t\t\t<a href=\"https:\/\/www.fundacioncuidarycurar.org\/webfcyc\/2025\/12\/01\/concluyen-los-trabajos-de-adecuacion-funcional-de-la-residencia-san-rafael-de-dos-hermanas\/\"  target=\"_self\" itemprop=\"url\">\n\t\t\t\t<img decoding=\"async\" src=\"https:\/\/www.fundacioncuidarycurar.org\/webfcyc\/wp-content\/uploads\/2025\/12\/Vista-General-CRPM-San-Rafael.jpg\" alt=\"Vista General CRPM San Rafael\" height=\"768\" width=\"1024\" title=\"Vista General CRPM San Rafael\" onerror=\"this.style.display='none'\" loading=\"lazy\" \/>\n\t\t\t\t<\/a>\n\t<\/figure>\n\t<p><strong>Concluyen los trabajos de adecuaci\u00f3n funcional de la Residencia \u00abSan Rafael\u00bb de Dos Hermanas<\/strong><\/p>\n<p><em>Dic 1, 2025<\/em><\/p>\n<p>La Fundaci\u00f3n Cuidar y Curar culmina los trabajos de Adecuaci\u00f3n funcional del Centro Residencial San Rafael de Dos Hermanas para la atenci\u00f3n a las personas mayores dependientes, en una intervenci\u00f3n&#8230;<\/p>\n<p><strong><a href=\"https:\/\/www.fundacioncuidarycurar.org\/webfcyc\/2025\/12\/01\/concluyen-los-trabajos-de-adecuacion-funcional-de-la-residencia-san-rafael-de-dos-hermanas\/\">Leer m\u00e1s<\/a><\/strong><\/p>\n<figure itemscope itemtype=\"https:\/\/schema.org\/ImageObject\">\n\t\t\t\t<a href=\"https:\/\/www.fundacioncuidarycurar.org\/webfcyc\/2025\/12\/01\/avanzan-los-trabajos-para-la-adecuacion-del-crpm-nuestra-senora-de-las-mercedes-de-linares-al-nuevo-modelo-de-cuidados-de-larga-duracion\/\"  target=\"_self\" itemprop=\"url\">\n\t\t\t\t<img decoding=\"async\" src=\"https:\/\/www.fundacioncuidarycurar.org\/webfcyc\/wp-content\/uploads\/2025\/12\/ALZADO-NUEVO-EDIF-1.jpg\" alt=\"Titulo 1\" height=\"480\" width=\"640\" title=\"ALZADO NUEVO EDIF 1\" onerror=\"this.style.display='none'\" loading=\"lazy\" \/>\n\t\t\t\t<\/a>\n\t<\/figure>\n\t<p><strong>Avanzan los trabajos para la adecuaci\u00f3n del CRPM \u00abNuestra Se\u00f1ora de las Mercedes\u00bb de Linares al nuevo modelo de cuidados de larga duraci\u00f3n<\/strong><\/p>\n<p><em>Dic 1, 2025<\/em><\/p>\n<p>A punto de concluir la primera fase de los trabajos emprendidos por la Fundaci\u00f3n Cuidar y Curar para la ampliaci\u00f3n del hist\u00f3rico centro linarense. En esta intervenci\u00f3n que ha contado con un presupuesto de 351.843,92 \u20ac, la Consejer\u00eda de Inclusi\u00f3n Social, Juventud, Familias e Igualdad ha aportado el 88 % de su coste mediante&#8230;<\/p>\n<p><strong><a href=\"https:\/\/www.fundacioncuidarycurar.org\/webfcyc\/2025\/12\/01\/avanzan-los-trabajos-para-la-adecuacion-del-crpm-nuestra-senora-de-las-mercedes-de-linares-al-nuevo-modelo-de-cuidados-de-larga-duracion\/\">Leer m\u00e1s<\/a><\/strong><\/p>\n<figure itemscope itemtype=\"https:\/\/schema.org\/ImageObject\">\n\t\t\t\t<a href=\"https:\/\/www.fundacioncuidarycurar.org\/webfcyc\/2025\/10\/10\/fundacion-cuidar-y-curar-participa-en-el-encuentro-soledad-no-deseada-comprension-prevencion-e-intervencion-en-sevilla\/\"  target=\"_self\" itemprop=\"url\">\n\t\t\t\t<img decoding=\"async\" src=\"https:\/\/www.fundacioncuidarycurar.org\/webfcyc\/wp-content\/uploads\/2025\/10\/WhatsApp-Image-2025-10-10-at-10.29.28.jpeg\" alt=\"WhatsApp Image 2025-10-10 at 10.29.28\" height=\"1536\" width=\"2048\" title=\"WhatsApp Image 2025-10-10 at 10.29.28\" onerror=\"this.style.display='none'\" loading=\"lazy\" \/>\n\t\t\t\t<\/a>\n\t<\/figure>\n\t<p><strong>Fundaci\u00f3n Cuidar y Curar participa en el encuentro \u00abSoledad no deseada: comprensi\u00f3n, prevenci\u00f3n e intervenci\u00f3n\u00bb en Sevilla<\/strong><\/p>\n<p><em>Oct 10, 2025<\/em><\/p>\n<p>El pasado mi\u00e9rcoles 8 de octubre, las compa\u00f1eras Alicia y Natalia asistieron al encuentro \u00abSoledad no deseada: comprensi\u00f3n, prevenci\u00f3n e intervenci\u00f3n\u00bb, organizado por el Colegio Oficial de Psicolog\u00eda de Andaluc\u00eda Occidental y DomusVi, celebrado en Bormujos (Sevilla).<\/p>\n<p><strong><a href=\"https:\/\/www.fundacioncuidarycurar.org\/webfcyc\/2025\/10\/10\/fundacion-cuidar-y-curar-participa-en-el-encuentro-soledad-no-deseada-comprension-prevencion-e-intervencion-en-sevilla\/\">Leer m\u00e1s<\/a><\/strong><\/p>\n<figure itemscope itemtype=\"https:\/\/schema.org\/ImageObject\">\n\t\t\t\t<a href=\"https:\/\/www.fundacioncuidarycurar.org\/webfcyc\/2025\/02\/13\/la-fundacion-cuidar-y-curar-inicia-los-trabajos-de-adecuacion-del-centro-residencial-gazules-de-alcala-de-los-gazules-al-nuevo-modelo-de-cuidados-de-larga-duracion\/\"  target=\"_self\" itemprop=\"url\">\n\t\t\t\t<img decoding=\"async\" src=\"https:\/\/www.fundacioncuidarycurar.org\/webfcyc\/wp-content\/uploads\/2025\/02\/20250212_121818.jpg\" alt=\"20250212_121818\" height=\"1012\" width=\"1221\" title=\"20250212_121818\" onerror=\"this.style.display='none'\" loading=\"lazy\" \/>\n\t\t\t\t<\/a>\n\t<\/figure>\n\t<p><strong>La Fundaci\u00f3n Cuidar y Curar inicia los trabajos de adecuaci\u00f3n del Centro Residencial \u00abGazules\u00bb de Alcal\u00e1 de los Gazules al nuevo modelo de cuidados de larga duraci\u00f3n<\/strong><\/p>\n<p><em>Feb 13, 2025<\/em><\/p>\n<p>El pasado 21 de Enero la Fundaci\u00f3n Cuidar y Curar comenz\u00f3 los trabajos de adecuaci\u00f3n del Centro Residencial de Alcal\u00e1 de los Gazules, actualmente cerrado por no cumplir las condiciones necesarias para que sus plazas se pudiesen acreditar para la atenci\u00f3n de personas mayores dependientes.<\/p>\n<p><strong><a href=\"https:\/\/www.fundacioncuidarycurar.org\/webfcyc\/2025\/02\/13\/la-fundacion-cuidar-y-curar-inicia-los-trabajos-de-adecuacion-del-centro-residencial-gazules-de-alcala-de-los-gazules-al-nuevo-modelo-de-cuidados-de-larga-duracion\/\">Leer m\u00e1s<\/a><\/strong><\/p>\n<figure itemscope itemtype=\"https:\/\/schema.org\/ImageObject\">\n\t\t\t\t<a href=\"https:\/\/www.fundacioncuidarycurar.org\/webfcyc\/2025\/01\/27\/resultados-positivos-en-la-ejecucion-de-los-proyectos-con-fines-sociales-destinados-a-personas-mayores-a-traves-de-la-fundacion-cuidar-y-curar\/\"  target=\"_self\" itemprop=\"url\">\n\t\t\t\t<img decoding=\"async\" src=\"https:\/\/www.fundacioncuidarycurar.org\/webfcyc\/wp-content\/uploads\/2025\/01\/1737534828910-scaled-e1737981927454.jpg\" alt=\"1737534828910\" height=\"1583\" width=\"1916\" title=\"1737534828910\" onerror=\"this.style.display='none'\" loading=\"lazy\" \/>\n\t\t\t\t<\/a>\n\t<\/figure>\n\t<p><strong>Resultados positivos en la ejecuci\u00f3n de los proyectos con fines sociales destinados a personas mayores a trav\u00e9s de la Fundaci\u00f3n Cuidar y Curar<\/strong><\/p>\n<p><em>Ene 27, 2025<\/em><\/p>\n<p>Recientemente, la Fundaci\u00f3n Cuidar y Curar en coordinaci\u00f3n con la Universidad de Ja\u00e9n han elaborado el an\u00e1lisis de resultados de los proyectos desarrollados en el a\u00f1o 2024.<\/p>\n<p><strong><a href=\"https:\/\/www.fundacioncuidarycurar.org\/webfcyc\/2025\/01\/27\/resultados-positivos-en-la-ejecucion-de-los-proyectos-con-fines-sociales-destinados-a-personas-mayores-a-traves-de-la-fundacion-cuidar-y-curar\/\">Leer m\u00e1s<\/a><\/strong><\/p>\n<figure itemscope itemtype=\"https:\/\/schema.org\/ImageObject\">\n\t\t\t\t<a href=\"https:\/\/www.fundacioncuidarycurar.org\/webfcyc\/2024\/12\/18\/ningun-mayor-solo-2024\/\"  target=\"_self\" itemprop=\"url\">\n\t\t\t\t<img decoding=\"async\" src=\"https:\/\/www.fundacioncuidarycurar.org\/webfcyc\/wp-content\/uploads\/2024\/12\/NAVIDAD-FUNDACION-2024.png\" alt=\"NAVIDAD FUNDACION 2024\" height=\"2245\" width=\"1587\" title=\"NAVIDAD FUNDACION 2024\" onerror=\"this.style.display='none'\" loading=\"lazy\" \/>\n\t\t\t\t<\/a>\n\t<\/figure>\n\t<p><strong>Ning\u00fan Mayor Solo 2024<\/strong><\/p>\n<p><em>Dic 18, 2024<\/em><\/p>\n<p>La Fundaci\u00f3n Unicaja nos vuelve a brindar con el programa \u00abNing\u00fan mayor solo..\u00bb destinado a aquellos mayores que residan solos. A trav\u00e9s de este programa los mayores que no quieran pasar estas entra\u00f1ables fiestas en la soledad de su hogar podr\u00e1n compartirlas con los mayores de las residencias Parra Grossi, Santa B\u00e1rbara y Los Leones tanto la Nochebuena y Navidad como el Fin de A\u00f1o y A\u00f1o Nuevo. Desde Fundaci\u00f3n Cuidar y Curar nos enorgullece participar en esta iniciativa un a\u00f1o mas y nos alegra compartir la noticia.<\/p>\n<p>Para mas informaci\u00f3n no duden en contactar con nosotros.<\/p>\n<p><strong><a href=\"https:\/\/www.fundacioncuidarycurar.org\/webfcyc\/2024\/12\/18\/ningun-mayor-solo-2024\/\">Leer m\u00e1s<\/a><\/strong><\/p>\n<figure itemscope itemtype=\"https:\/\/schema.org\/ImageObject\">\n\t\t\t\t<a href=\"https:\/\/www.fundacioncuidarycurar.org\/webfcyc\/2024\/05\/16\/reclutamiento-de-usuarios-beneficiarios-en-los-proyectos-llevado-a-cabo-por-la-fundacion-cuidar-y-curar-2024\/\"  target=\"_self\" itemprop=\"url\">\n\t\t\t\t<img decoding=\"async\" src=\"https:\/\/www.fundacioncuidarycurar.org\/webfcyc\/wp-content\/uploads\/2024\/05\/1707391029827-scaled.jpg\" alt=\"1707391029827\" height=\"1657\" width=\"2560\" title=\"1707391029827\" onerror=\"this.style.display='none'\" loading=\"lazy\" \/>\n\t\t\t\t<\/a>\n\t<\/figure>\n\t<p><strong>Reclutamiento de usuarios beneficiarios en los proyectos llevado a cabo por la Fundaci\u00f3n Cuidar y Curar 2024<\/strong><\/p>\n<p><em>May 16, 2024<\/em><\/p>\n<p>Otro a\u00f1o m\u00e1s la Fundaci\u00f3n Cuidar y Curar comienza con el reclutamiento de usuarios para la realizaci\u00f3n de los proyectos con cargo a la asignaci\u00f3n tributaria del 0,7%.<\/p>\n<p><strong><a href=\"https:\/\/www.fundacioncuidarycurar.org\/webfcyc\/2024\/05\/16\/reclutamiento-de-usuarios-beneficiarios-en-los-proyectos-llevado-a-cabo-por-la-fundacion-cuidar-y-curar-2024\/\">Leer m\u00e1s<\/a><\/strong><\/p>\n<figure itemscope itemtype=\"https:\/\/schema.org\/ImageObject\">\n\t\t\t\t<a href=\"https:\/\/www.fundacioncuidarycurar.org\/webfcyc\/2024\/03\/11\/resultados-proyectos-2023\/\"  target=\"_self\" itemprop=\"url\">\n\t\t\t\t<img decoding=\"async\" src=\"https:\/\/www.fundacioncuidarycurar.org\/webfcyc\/wp-content\/uploads\/2024\/03\/website-3483020-2023.png\" alt=\"website-3483020-2023\" height=\"4167\" width=\"6251\" title=\"website-3483020-2023\" onerror=\"this.style.display='none'\" loading=\"lazy\" \/>\n\t\t\t\t<\/a>\n\t<\/figure>\n\t<p><strong>Resultados proyectos 2023<\/strong><\/p>\n<p><em>Mar 11, 2024<\/em><\/p>\n<p>Como cada a\u00f1o, tras la finalizaci\u00f3n de los proyectos, la Universidad de Ja\u00e9n (UJA), nos proporciona el an\u00e1lisis de los resultados obtenidos en los diferentes proyectos realizados.<\/p>\n<p><strong><a href=\"https:\/\/www.fundacioncuidarycurar.org\/webfcyc\/2024\/03\/11\/resultados-proyectos-2023\/\">Leer m\u00e1s<\/a><\/strong><\/p>\n<figure itemscope itemtype=\"https:\/\/schema.org\/ImageObject\">\n\t\t\t\t<a href=\"https:\/\/www.fundacioncuidarycurar.org\/webfcyc\/?p=3265\"  target=\"_self\" itemprop=\"url\">\n\t\t\t\t<img decoding=\"async\" src=\"https:\/\/www.fundacioncuidarycurar.org\/webfcyc\/wp-content\/uploads\/2024\/07\/normal_2.png\" alt=\"normal_2\" height=\"1849\" width=\"2182\" title=\"normal_2\" onerror=\"this.style.display='none'\" loading=\"lazy\" \/>\n\t\t\t\t<\/a>\n\t<\/figure>\n\t<p><strong>Residencia Las Mercedes recibe los fondos FEDER<\/strong><\/p>\n<p><em>Feb 15, 2024<\/em><\/p>\n<p>Fundaci\u00f3n Cuidar y Curar ha recibido una ayuda de la Uni\u00f3n Europea con cargo al Programa Operativo FEDER de Andaluc\u00eda 2014-2020, financiada como parte de la respuesta de la Uni\u00f3n a la pandemia de COVID-19 (REACT-UE)<\/p>\n<p><strong><a href=\"https:\/\/www.fundacioncuidarycurar.org\/webfcyc\/?p=3265\">Leer m\u00e1s<\/a><\/strong><\/p>\n<figure itemscope itemtype=\"https:\/\/schema.org\/ImageObject\">\n\t\t\t\t<a href=\"https:\/\/www.fundacioncuidarycurar.org\/webfcyc\/2024\/01\/24\/inclusion-social-y-salud-se-alian-para-prevenir-la-dependencia-con-un-proyecto-piloto-de-cuidados-intermedios\/\"  target=\"_self\" itemprop=\"url\">\n\t\t\t\t<img decoding=\"async\" src=\"https:\/\/www.fundacioncuidarycurar.org\/webfcyc\/wp-content\/uploads\/2024\/01\/WhatsApp-Image-2024-01-23-at-20.01.51.jpeg\" alt=\"WhatsApp Image 2024-01-23 at 20.01.51\" height=\"681\" width=\"1024\" title=\"WhatsApp Image 2024-01-23 at 20.01.51\" onerror=\"this.style.display='none'\" loading=\"lazy\" \/>\n\t\t\t\t<\/a>\n\t<\/figure>\n\t<p><strong>Inclusi\u00f3n Social y Salud se al\u00edan para prevenir la dependencia con un proyecto piloto de cuidados intermedios<\/strong><\/p>\n<p><em>Ene 24, 2024<\/em><\/p>\n<p>Ambas consejeras presentan esta iniciativa que da respuesta a mayores de 50 con necesidades sanitarias y sociales simult\u00e1neas Loles L\u00f3pez destaca el valor de \u00abeste nuevo recurso sociosanitario\u00bb<\/p>\n<p><strong><a href=\"https:\/\/www.fundacioncuidarycurar.org\/webfcyc\/2024\/01\/24\/inclusion-social-y-salud-se-alian-para-prevenir-la-dependencia-con-un-proyecto-piloto-de-cuidados-intermedios\/\">Leer m\u00e1s<\/a><\/strong><\/p>\n<figure itemscope itemtype=\"https:\/\/schema.org\/ImageObject\">\n\t\t\t\t<a href=\"https:\/\/www.fundacioncuidarycurar.org\/webfcyc\/2024\/01\/23\/los-proyectos-con-cargo-a-la-asignacion-tributaria-del-07-del-irpf-del-ano-2023-llega-a-su-fin\/\"  target=\"_self\" itemprop=\"url\">\n\t\t\t\t<img decoding=\"async\" src=\"https:\/\/www.fundacioncuidarycurar.org\/webfcyc\/wp-content\/uploads\/2024\/01\/a-book-1945426_1920.jpg\" alt=\"a-book-1945426_1920\" height=\"1165\" width=\"1920\" title=\"a-book-1945426_1920\" onerror=\"this.style.display='none'\" loading=\"lazy\" \/>\n\t\t\t\t<\/a>\n\t<\/figure>\n\t<p><strong>Los proyectos con cargo a la asignaci\u00f3n tributaria del 0,7% del IRPF del a\u00f1o 2023 llega a su fin<\/strong><\/p>\n<p><em>Ene 23, 2024<\/em><\/p>\n<p>En el mes de diciembre de 2023 se ha dado por finalizado los tres proyectos de los que hemos sido beneficiarios este a\u00f1o. Siendo estos: Cuida-T, Atenci\u00f3n sociosanitaria en casos de soledad no deseada y Activa-t.<\/p>\n<p><strong><a href=\"https:\/\/www.fundacioncuidarycurar.org\/webfcyc\/2024\/01\/23\/los-proyectos-con-cargo-a-la-asignacion-tributaria-del-07-del-irpf-del-ano-2023-llega-a-su-fin\/\">Leer m\u00e1s<\/a><\/strong><\/p>\n<figure itemscope itemtype=\"https:\/\/schema.org\/ImageObject\">\n\t\t\t\t<a href=\"https:\/\/www.fundacioncuidarycurar.org\/webfcyc\/2023\/12\/14\/ningun-mayor-solo\/\"  target=\"_self\" itemprop=\"url\">\n\t\t\t\t<img decoding=\"async\" src=\"https:\/\/www.fundacioncuidarycurar.org\/webfcyc\/wp-content\/uploads\/2023\/12\/NAVIDAD-GENERAL-e1702541370769.png\" alt=\"NAVIDAD GENERAL\" height=\"999\" width=\"1575\" title=\"NAVIDAD GENERAL\" onerror=\"this.style.display='none'\" loading=\"lazy\" \/>\n\t\t\t\t<\/a>\n\t<\/figure>\n\t<p><strong>Ning\u00fan mayor solo<\/strong><\/p>\n<p><em>Dic 14, 2023<\/em><\/p>\n<p>Un a\u00f1o m\u00e1s, la Fundaci\u00f3n Unicaja pone en marcha sus programas \u00abNing\u00fan mayor solo&#8230;\u00bb destinados a aquellos mayores que residan solos, bien en los municipios donde se desarrolla el programa o pr\u00f3ximos.<\/p>\n<p><strong><a href=\"https:\/\/www.fundacioncuidarycurar.org\/webfcyc\/2023\/12\/14\/ningun-mayor-solo\/\">Leer m\u00e1s<\/a><\/strong><\/p>\n<figure itemscope itemtype=\"https:\/\/schema.org\/ImageObject\">\n\t\t\t\t<a href=\"https:\/\/www.fundacioncuidarycurar.org\/webfcyc\/2023\/12\/04\/fundacion-cuidar-y-curar-participa-en-la-xxvii-edicion-del-congreso-de-la-sociedad-andaluza-de-calidad-asistencial-sadeca\/\"  target=\"_self\" itemprop=\"url\">\n\t\t\t\t<img decoding=\"async\" src=\"https:\/\/www.fundacioncuidarycurar.org\/webfcyc\/wp-content\/uploads\/2023\/12\/foto-congreso.jpg\" alt=\"foto congreso\" height=\"1536\" width=\"2048\" title=\"foto congreso\" onerror=\"this.style.display='none'\" loading=\"lazy\" \/>\n\t\t\t\t<\/a>\n\t<\/figure>\n\t<p><strong>Fundaci\u00f3n Cuidar y Curar participa en la XXVII edici\u00f3n del Congreso de la Sociedad Andaluza de Calidad Asistencial (SADECA)<\/strong><\/p>\n<p><em>Dic 4, 2023<\/em><\/p>\n<p>Desde la Fundaci\u00f3n Cuidar y Curar apostamos por la innovaci\u00f3n y la puesta en marcha de estrategias que permiten al campo socio-sanitario\u00a0 ofrecer una mejora en las intervenciones realizadas&#8230;<\/p>\n<p><strong><a href=\"https:\/\/www.fundacioncuidarycurar.org\/webfcyc\/2023\/12\/04\/fundacion-cuidar-y-curar-participa-en-la-xxvii-edicion-del-congreso-de-la-sociedad-andaluza-de-calidad-asistencial-sadeca\/\">Leer m\u00e1s<\/a><\/strong><\/p>\n<figure itemscope itemtype=\"https:\/\/schema.org\/ImageObject\">\n\t\t\t\t<a href=\"https:\/\/www.fundacioncuidarycurar.org\/webfcyc\/2023\/11\/16\/visita-de-la-alcaldesa-de-linares-a-las-instalaciones-del-centro-residencial-nuestra-senora-de-las-mercedes-dependiente-de-la-fundacion-del-hospital-de-san-jose-y-san-raimundo\/\"  target=\"_self\" itemprop=\"url\">\n\t\t\t\t<img decoding=\"async\" src=\"https:\/\/www.fundacioncuidarycurar.org\/webfcyc\/wp-content\/uploads\/2023\/11\/WhatsApp-Image-2023-11-16-at-09.32.42.jpeg\" alt=\"WhatsApp Image 2023-11-16 at 09.32.42\" height=\"1536\" width=\"2048\" title=\"WhatsApp Image 2023-11-16 at 09.32.42\" onerror=\"this.style.display='none'\" loading=\"lazy\" \/>\n\t\t\t\t<\/a>\n\t<\/figure>\n\t<p><strong>Visita de la Alcaldesa de Linares, a las instalaciones del Centro Residencial \u00abNuestra Se\u00f1ora de las Mercedes\u00bb, dependiente de la Fundaci\u00f3n del Hospital de San Jos\u00e9 y San Raimundo.<\/strong><\/p>\n<p><em>Nov 16, 2023<\/em><\/p>\n<p>La Alcaldesa, Auxiliadora del Olmo, visit\u00f3 el Centro Residencial para conocer in situ el desarrollo \u00a0de una nueva fase de los trabajos de adecuaci\u00f3n funcional del hist\u00f3rico \u00a0\u00abAsilo\u00bb de Linares&#8230;<\/p>\n<p><strong><a href=\"https:\/\/www.fundacioncuidarycurar.org\/webfcyc\/2023\/11\/16\/visita-de-la-alcaldesa-de-linares-a-las-instalaciones-del-centro-residencial-nuestra-senora-de-las-mercedes-dependiente-de-la-fundacion-del-hospital-de-san-jose-y-san-raimundo\/\">Leer m\u00e1s<\/a><\/strong><\/p>\n<figure itemscope itemtype=\"https:\/\/schema.org\/ImageObject\">\n\t\t\t\t<a href=\"https:\/\/www.fundacioncuidarycurar.org\/webfcyc\/2023\/11\/02\/llegamos-al-ecuador-de-los-proyectos\/\"  target=\"_self\" itemprop=\"url\">\n\t\t\t\t<img decoding=\"async\" src=\"https:\/\/www.fundacioncuidarycurar.org\/webfcyc\/wp-content\/uploads\/2023\/11\/opinion-poll-1594962_1920.jpg\" alt=\"opinion-poll-1594962_1920\" height=\"1280\" width=\"1920\" title=\"opinion-poll-1594962_1920\" onerror=\"this.style.display='none'\" loading=\"lazy\" \/>\n\t\t\t\t<\/a>\n\t<\/figure>\n\t<p><strong>LLEGAMOS AL ECUADOR DE LOS PROYECTOS<\/strong><\/p>\n<p><em>Nov 02, 2023<\/em><\/p>\n<p>Seguimos en proceso de realizaci\u00f3n de los proyectos de este a\u00f1o y con ellos, llegamos al ecuador de estos.<\/p>\n<p><strong><a href=\"https:\/\/www.fundacioncuidarycurar.org\/webfcyc\/2023\/11\/02\/llegamos-al-ecuador-de-los-proyectos\/\">Leer m\u00e1s<\/a><\/strong><\/p>\n<figure itemscope itemtype=\"https:\/\/schema.org\/ImageObject\">\n\t\t\t\t<a href=\"https:\/\/www.fundacioncuidarycurar.org\/webfcyc\/2023\/08\/08\/realizacion-del-trabajo-de-campo-de-los-proyectos\/\"  target=\"_self\" itemprop=\"url\">\n\t\t\t\t<img decoding=\"async\" src=\"https:\/\/www.fundacioncuidarycurar.org\/webfcyc\/wp-content\/uploads\/2023\/08\/Imagen-de-WhatsApp-2023-08-08-a-las-12.53.26.jpg\" alt=\"Imagen de WhatsApp 2023-08-08 a las 12.53.26\" height=\"1200\" width=\"1600\" title=\"Imagen de WhatsApp 2023-08-08 a las 12.53.26\" onerror=\"this.style.display='none'\" loading=\"lazy\" \/>\n\t\t\t\t<\/a>\n\t<\/figure>\n\t<p><strong>REALIZACI\u00d3N DEL TRABAJO DE CAMPO DE LOS PROYECTOS<\/strong><\/p>\n<p><em>Ago 08, 2023<\/em><\/p>\n<p>Desde la Fundaci\u00f3n Cuidar y Curar y su equipo de profesionales, siguen con el trabajo de campo, de los diferentes proyecto de este a\u00f1o, recopilando datos sobre los participantes.<\/p>\n<p><strong><a href=\"https:\/\/www.fundacioncuidarycurar.org\/webfcyc\/2023\/08\/08\/realizacion-del-trabajo-de-campo-de-los-proyectos\/\">Leer m\u00e1s<\/a><\/strong><\/p>\n<figure itemscope itemtype=\"https:\/\/schema.org\/ImageObject\">\n\t\t\t\t<a href=\"https:\/\/www.fundacioncuidarycurar.org\/webfcyc\/2023\/06\/12\/avanzan-a-buen-ritmo-los-trabajos-para-la-rehabilitacion-integral-adecuacion-funcional-y-ampliacion-del-centro-residencial-de-dos-hermanas\/\"  target=\"_self\" itemprop=\"url\">\n\t\t\t\t<img decoding=\"async\" src=\"https:\/\/www.fundacioncuidarycurar.org\/webfcyc\/wp-content\/uploads\/2023\/06\/foto-articulo-.jpeg\" alt=\"foto articulo\" height=\"768\" width=\"1024\" title=\"foto articulo\" onerror=\"this.style.display='none'\" loading=\"lazy\" \/>\n\t\t\t\t<\/a>\n\t<\/figure>\n\t<p><strong>Avanzan a buen ritmo los trabajos para la rehabilitaci\u00f3n integral, <\/strong><strong>adecuaci\u00f3n funcional y ampliaci\u00f3n del Centro Residencial de Dos <\/strong><strong>Hermanas<\/strong><\/p>\n<p><em>Jun 12, 2023<\/em><\/p>\nLa Fundaci\u00f3n Cuidar y Curar como entidad titular del Centro Residencial<br \/>\nSan Rafael de Dos Hermanas, contin\u00faa con los trabajos para la<br \/>\nrehabilitaci\u00f3n integral y ampliaci\u00f3n de dicho Centro.\n<p><strong><a href=\"https:\/\/www.fundacioncuidarycurar.org\/webfcyc\/2023\/06\/12\/avanzan-a-buen-ritmo-los-trabajos-para-la-rehabilitacion-integral-adecuacion-funcional-y-ampliacion-del-centro-residencial-de-dos-hermanas\/\">Leer m\u00e1s<\/a><\/strong><\/p>\n<figure itemscope itemtype=\"https:\/\/schema.org\/ImageObject\">\n\t\t\t\t<a href=\"https:\/\/www.fundacioncuidarycurar.org\/webfcyc\/2023\/05\/30\/puesta-en-marcha-de-los-proyectos-de-investigacion\/\"  target=\"_self\" itemprop=\"url\">\n\t\t\t\t<img decoding=\"async\" src=\"https:\/\/www.fundacioncuidarycurar.org\/webfcyc\/wp-content\/uploads\/2023\/05\/concept-1868728_1920.jpg\" alt=\"concept-1868728_1920\" height=\"1280\" width=\"1920\" title=\"concept-1868728_1920\" onerror=\"this.style.display='none'\" loading=\"lazy\" \/>\n\t\t\t\t<\/a>\n\t<\/figure>\n\t<p><strong>Puesta en marcha de los proyectos de investigaci\u00f3n<\/strong><\/p>\n<p><em>May 30, 2023<\/em><\/p>\n<p>Un a\u00f1o m\u00e1s los proyectos Cuida-t en casa, Activa-t y Soledad no Deseada est\u00e1n siendo implementados por profesionales sociosanitarios que tienen en cuenta la esfera biopsicosocial de los destinatarios de los mismos.<\/p>\n<p><strong><a href=\"https:\/\/www.fundacioncuidarycurar.org\/webfcyc\/2023\/05\/30\/puesta-en-marcha-de-los-proyectos-de-investigacion\/\">Leer m\u00e1s<\/a><\/strong><\/p>\n<figure itemscope itemtype=\"https:\/\/schema.org\/ImageObject\">\n\t\t\t\t<a href=\"https:\/\/www.fundacioncuidarycurar.org\/webfcyc\/2023\/04\/28\/reclutamiento-de-participantes-proyectos-anuales\/\"  target=\"_self\" itemprop=\"url\">\n\t\t\t\t<img decoding=\"async\" src=\"https:\/\/www.fundacioncuidarycurar.org\/webfcyc\/wp-content\/uploads\/2023\/04\/hands-4051469_1920.jpg\" alt=\"hands-4051469_1920\" height=\"1282\" width=\"1920\" title=\"hands-4051469_1920\" onerror=\"this.style.display='none'\" loading=\"lazy\" \/>\n\t\t\t\t<\/a>\n\t<\/figure>\n\t<p><strong>Reclutamiento de participantes proyectos anuales<\/strong><\/p>\n<p><em>Abr 28, 2023<\/em><\/p>\n<p>Como ya anunciamos el mes pasado, dimos comienzo a los proyectos de este a\u00f1o. Nos encontramos en la primera fase de reclutamiento de personas participantes.<\/p>\n<p><strong><a href=\"https:\/\/www.fundacioncuidarycurar.org\/webfcyc\/2023\/04\/28\/reclutamiento-de-participantes-proyectos-anuales\/\">Leer m\u00e1s<\/a><\/strong><\/p>\n<figure itemscope itemtype=\"https:\/\/schema.org\/ImageObject\">\n\t\t\t\t<a href=\"https:\/\/www.fundacioncuidarycurar.org\/webfcyc\/2023\/03\/22\/apertura-de-proyectos-2023\/\"  target=\"_self\" itemprop=\"url\">\n\t\t\t\t<img decoding=\"async\" src=\"https:\/\/www.fundacioncuidarycurar.org\/webfcyc\/wp-content\/uploads\/2023\/03\/startup-594090-scaled.jpg\" alt=\"startup-594090\" height=\"1707\" width=\"2560\" title=\"startup-594090\" onerror=\"this.style.display='none'\" loading=\"lazy\" \/>\n\t\t\t\t<\/a>\n\t<\/figure>\n\t<p><strong>Apertura de proyectos 2023<\/strong><\/p>\n<p><em>Mar 22, 2023<\/em><\/p>\n<p>Empezamos nuevo a\u00f1o y con ello, nuevos proyectos. Estamos muy contentos, ya que nos han concedido la continuidad de varios de los proyectos de investigaci\u00f3n del a\u00f1o pasado. En el 2022, realizamos 4 y de ellos 3 contin\u00faan este a\u00f1o.<\/p>\n<p><strong><a href=\"https:\/\/www.fundacioncuidarycurar.org\/webfcyc\/2023\/03\/22\/apertura-de-proyectos-2023\/\">Leer m\u00e1s<\/a><\/strong><\/p>\n<figure itemscope itemtype=\"https:\/\/schema.org\/ImageObject\">\n\t\t\t\t<a href=\"https:\/\/www.fundacioncuidarycurar.org\/webfcyc\/2023\/02\/27\/resultados-obtenidos-proyectos-2022\/\"  target=\"_self\" itemprop=\"url\">\n\t\t\t\t<img decoding=\"async\" src=\"https:\/\/www.fundacioncuidarycurar.org\/webfcyc\/wp-content\/uploads\/2023\/02\/website-3483020.png\" alt=\"website-3483020\" height=\"4167\" width=\"6251\" title=\"website-3483020\" onerror=\"this.style.display='none'\" loading=\"lazy\" \/>\n\t\t\t\t<\/a>\n\t<\/figure>\n\t<p><strong>Resultados obtenidos proyectos 2022<\/strong><\/p>\n<p><em>Feb 27, 2023<\/em><\/p>\n<p>Como se ha informado anteriormente, los proyectos llevados a cabo por la FCYC en el pasado a\u00f1o han llegado a su fin y por lo tanto los resultados obtenidos son bastante beneficiosos para nuestros mayores.<\/p>\n<p><strong><a href=\"https:\/\/www.fundacioncuidarycurar.org\/webfcyc\/2023\/02\/27\/resultados-obtenidos-proyectos-2022\/\">Leer m\u00e1s<\/a><\/strong><\/p>\n<figure itemscope itemtype=\"https:\/\/schema.org\/ImageObject\">\n\t\t\t\t<a href=\"https:\/\/www.fundacioncuidarycurar.org\/webfcyc\/2023\/02\/21\/ningun-mayor-solo-en-navidad-residencia-de-mayores-parra-grossi\/\"  target=\"_self\" itemprop=\"url\">\n\t\t\t\t<img decoding=\"async\" src=\"https:\/\/www.fundacioncuidarycurar.org\/webfcyc\/wp-content\/uploads\/2023\/02\/FIN-DE-ANO-RONDA-1-e1676978654301.png\" alt=\"FIN DE A\u00d1O RONDA\" height=\"1358\" width=\"1587\" title=\"FIN DE A\u00d1O RONDA\" onerror=\"this.style.display='none'\" loading=\"lazy\" \/>\n\t\t\t\t<\/a>\n\t<\/figure>\n\t<p><strong>Ning\u00fan mayor solo en Navidad: Residencia de mayores Parra Grossi<\/strong><\/p>\n<p><em>Feb 21, 2023<\/em><\/p>\n<p>Desde la Residencia de Mayores Parra Grossi se agradece a la FUNDACION UNICAJA la labor de haber puesto en marcha el proyecto NINGUN MAYOR SOLO EN NAVIDAD Y NINGUN MAYOR SOLO EN FIN DE A\u00d1O&#8230;<\/p>\n<p><strong><a href=\"https:\/\/www.fundacioncuidarycurar.org\/webfcyc\/2023\/02\/21\/ningun-mayor-solo-en-navidad-residencia-de-mayores-parra-grossi\/\">Leer m\u00e1s<\/a><\/strong><\/p>\n<figure itemscope itemtype=\"https:\/\/schema.org\/ImageObject\">\n\t\t\t\t<a href=\"https:\/\/www.fundacioncuidarycurar.org\/webfcyc\/2023\/02\/21\/ningun-mayor-solo-centro-residencial-santa-barbara\/\"  target=\"_self\" itemprop=\"url\">\n\t\t\t\t<img decoding=\"async\" src=\"https:\/\/www.fundacioncuidarycurar.org\/webfcyc\/wp-content\/uploads\/2023\/02\/NAVIDAD-ALMADEN-e1676977271976.png\" alt=\"NAVIDAD ALMADEN\" height=\"1492\" width=\"1587\" title=\"NAVIDAD ALMADEN\" onerror=\"this.style.display='none'\" loading=\"lazy\" \/>\n\t\t\t\t<\/a>\n\t<\/figure>\n\t<p><strong>Ning\u00fan mayor solo: Centro Residencial Santa B\u00e1rbara<\/strong><\/p>\n<p><em>Feb 21, 2023<\/em><\/p>\n<p>Desde el Centro Residencial Santa B\u00e1rbara y en colaboraci\u00f3n con el Excmo. Ayuntamiento de Almad\u00e9n junto a los Servicios Sociales Comunitarios queremos agradecer la labor llevada a cabo desde la Fundaci\u00f3n Unicaja&#8230;<\/p>\n<p><strong><a href=\"https:\/\/www.fundacioncuidarycurar.org\/webfcyc\/2023\/02\/21\/ningun-mayor-solo-centro-residencial-santa-barbara\/\">Leer m\u00e1s<\/a><\/strong><\/p>\n<figure itemscope itemtype=\"https:\/\/schema.org\/ImageObject\">\n\t\t\t\t<a href=\"https:\/\/www.fundacioncuidarycurar.org\/webfcyc\/2023\/02\/21\/ninguna-persona-mayor-sola-en-navidad-marmolejo\/\"  target=\"_self\" itemprop=\"url\">\n\t\t\t\t<img decoding=\"async\" src=\"https:\/\/www.fundacioncuidarycurar.org\/webfcyc\/wp-content\/uploads\/2023\/02\/Fundacion-Unicaja-vertical-color-PNG.png\" alt=\"Fundacion Unicaja vertical color PNG\" height=\"2250\" width=\"2026\" title=\"Fundacion Unicaja vertical color PNG\" onerror=\"this.style.display='none'\" loading=\"lazy\" \/>\n\t\t\t\t<\/a>\n\t<\/figure>\n\t<p><strong>Ninguna persona mayor sola en Navidad: Marmolejo<\/strong><\/p>\n<p><em>Feb 21, 2023<\/em><\/p>\n<p>Quer\u00edamos agradecer a la Fundaci\u00f3n Unicaja su gran labor por esta iniciativa que cada Navidad alegra a muchas personas.<\/p>\n<p><strong><a href=\"https:\/\/www.fundacioncuidarycurar.org\/webfcyc\/2023\/02\/21\/ninguna-persona-mayor-sola-en-navidad-marmolejo\/\">Leer m\u00e1s<\/a><\/strong><\/p>\n<figure itemscope itemtype=\"https:\/\/schema.org\/ImageObject\">\n\t\t\t\t<a href=\"https:\/\/www.fundacioncuidarycurar.org\/webfcyc\/2023\/01\/25\/los-proyectos-de-investigacion-de-2022-llegan-a-su-fin\/\"  target=\"_self\" itemprop=\"url\">\n\t\t\t\t<img decoding=\"async\" src=\"https:\/\/www.fundacioncuidarycurar.org\/webfcyc\/wp-content\/uploads\/2023\/01\/laptop-2557586_1920.jpg\" alt=\"laptop-2557586_1920\" height=\"1280\" width=\"1920\" title=\"laptop-2557586_1920\" onerror=\"this.style.display='none'\" loading=\"lazy\" \/>\n\t\t\t\t<\/a>\n\t<\/figure>\n\t<p><strong>Los proyectos de investigaci\u00f3n de 2022 llegan a su fin<\/strong><\/p>\n<p><em>Ene 25, 2023<\/em><\/p>\n<p>Tras todo el a\u00f1o trabajando en ellos, los proyectos han llegado a su fin. Con ellos, hemos podido trabajar diferentes \u00e1reas, todos dirigidos hacia personas mayores.<\/p>\n<p><strong><a href=\"https:\/\/www.fundacioncuidarycurar.org\/webfcyc\/2023\/01\/25\/los-proyectos-de-investigacion-de-2022-llegan-a-su-fin\/\">Leer m\u00e1s<\/a><\/strong><\/p>\n<figure itemscope itemtype=\"https:\/\/schema.org\/ImageObject\">\n\t\t\t\t<a href=\"https:\/\/www.fundacioncuidarycurar.org\/webfcyc\/2022\/08\/29\/activa-t-programa-de-envejecimiento-activo-y-saludable-mediante-el-ejercicio-fisico-en-personas-mayores\/\"  target=\"_self\" itemprop=\"url\">\n\t\t\t\t<img decoding=\"async\" src=\"https:\/\/www.fundacioncuidarycurar.org\/webfcyc\/wp-content\/uploads\/2022\/08\/IMG_20220829_090508_1661756719899-scaled-e1661771485906.jpg\" alt=\"IMG_20220829_090508_1661756719899\" height=\"548\" width=\"730\" title=\"IMG_20220829_090508_1661756719899\" onerror=\"this.style.display='none'\" loading=\"lazy\" \/>\n\t\t\t\t<\/a>\n\t<\/figure>\n\t<p><strong>ACTIVA-T: programa de envejecimiento activo y saludable mediante el ejercicio f\u00edsico en personas mayores.<\/strong><\/p>\n<p><em>Ago 29, 2022<\/em><\/p>\n<p>El programa ACTIVA-T ha sido implantado por parte de nuestra fundaci\u00f3n como un proyecto necesario para fomentar el ejercicio f\u00edsico en la poblaci\u00f3n dada la alta prevalencia de&#8230;<\/p>\n<p><strong><a href=\"https:\/\/www.fundacioncuidarycurar.org\/webfcyc\/2022\/08\/29\/activa-t-programa-de-envejecimiento-activo-y-saludable-mediante-el-ejercicio-fisico-en-personas-mayores\/\">Leer m\u00e1s<\/a><\/strong><\/p>\n<figure itemscope itemtype=\"https:\/\/schema.org\/ImageObject\">\n\t\t\t\t<a href=\"https:\/\/www.fundacioncuidarycurar.org\/webfcyc\/2022\/07\/28\/soledad-no-deseada-un-proyecto-de-intervencion-directa-dirigido-a-nuestros-mayores-mediante-el-acompanamiento-apoyo-y-escucha-activa\/\"  target=\"_self\" itemprop=\"url\">\n\t\t\t\t<img decoding=\"async\" src=\"https:\/\/www.fundacioncuidarycurar.org\/webfcyc\/wp-content\/uploads\/2022\/07\/hands-2906458_1920.jpg\" alt=\"hands-2906458_1920\" title=\"hands-2906458_1920\" onerror=\"this.style.display='none'\" loading=\"lazy\" \/>\n\t\t\t\t<\/a>\n\t<\/figure>\n\t<p><strong>Soledad no deseada: Un proyecto de intervenci&oacute;n directa dirigido a nuestros mayores mediante el acompa&ntilde;amiento, apoyo y escucha activa.<\/strong><\/p>\n<p><em>Jul 28, 2022<\/em><\/p>\n<p>Dada la prevalencia actual de personas mayores que viven solas en sus domicilios debido al envejecimiento de la poblaci&oacute;n y de las graves consecuencias sociales&#8230;<\/p>\n<p><strong><a href=\"https:\/\/www.fundacioncuidarycurar.org\/webfcyc\/2022\/07\/28\/soledad-no-deseada-un-proyecto-de-intervencion-directa-dirigido-a-nuestros-mayores-mediante-el-acompanamiento-apoyo-y-escucha-activa\/\">Leer m&aacute;s<\/a><\/strong><\/p>\n<figure itemscope itemtype=\"https:\/\/schema.org\/ImageObject\">\n\t\t\t\t<a href=\"https:\/\/www.fundacioncuidarycurar.org\/webfcyc\/2022\/07\/07\/paec-t-programa-andaluz-de-estimulacion-cognitiva-y-deteccion-temprana-de-enfermedades-neurodegenerativas-a-traves-de-talleres-grupales-para-la-realizacion-de-ejercicios-mediante-dispositivos-digital\/\"  target=\"_self\" itemprop=\"url\">\n\t\t\t\t<img decoding=\"async\" src=\"https:\/\/www.fundacioncuidarycurar.org\/webfcyc\/wp-content\/uploads\/2022\/07\/877f4bb8-84d2-41ad-8bad-410c987b902b.jpg\" alt=\"877f4bb8-84d2-41ad-8bad-410c987b902b\" title=\"877f4bb8-84d2-41ad-8bad-410c987b902b\" onerror=\"this.style.display='none'\" loading=\"lazy\" \/>\n\t\t\t\t<\/a>\n\t<\/figure>\n\t<p><strong>PAEC-T: Programa andaluz de estimulaci\u00f3n cognitiva y detecci\u00f3n temprana de enfermedades neurodegenerativas a trav\u00e9s de talleres grupales para la realizaci\u00f3n de ejercicios mediante dispositivos digitales.<\/strong><\/p>\n<p><em>Jul 07, 2022<\/em><\/p>\n<p>San Jos\u00e9 del Valle y Navas de San Juan, pioneros en beneficiarse del programa PAEC-T, un programa andaluz de estimulaci\u00f3n cognitiva y detecci\u00f3n temprana&#8230;<\/p>\n<p><strong><a href=\"https:\/\/www.fundacioncuidarycurar.org\/webfcyc\/2022\/07\/07\/paec-t-programa-andaluz-de-estimulacion-cognitiva-y-deteccion-temprana-de-enfermedades-neurodegenerativas-a-traves-de-talleres-grupales-para-la-realizacion-de-ejercicios-mediante-dispositivos-digital\/\">Leer m\u00e1s<\/a><\/strong><\/p>\n<figure itemscope itemtype=\"https:\/\/schema.org\/ImageObject\">\n\t\t\t\t<a href=\"https:\/\/www.fundacioncuidarycurar.org\/webfcyc\/2022\/06\/24\/el-cuidado-de-nuestros-mayores-sigue-siendo-la-principal-prioridad-del-proyecto-la-caixa\/\"  target=\"_self\" itemprop=\"url\">\n\t\t\t\t<img decoding=\"async\" src=\"https:\/\/www.fundacioncuidarycurar.org\/webfcyc\/wp-content\/uploads\/2022\/06\/La-caixa-fundacion.png\" alt=\"La-caixa-fundacion\" title=\"La-caixa-fundacion\" onerror=\"this.style.display='none'\" loading=\"lazy\" \/>\n\t\t\t\t<\/a>\n\t<\/figure>\n\t<p><strong>EL CUIDADO DE NUESTROS MAYORES SIGUE SIENDO LA PRINCIPAL PRIORIDAD DEL PROYECTO \u00abLA CAIXA\u00bb.<\/strong><\/p>\n<p><em>Jun 24, 2022<\/em><\/p>\n<p>El programa de la Caixa, de apoyo en el hogar a personas mayores en su propio domicilio, sigue en funcionamiento.<\/p>\n<p><strong><a href=\"https:\/\/www.fundacioncuidarycurar.org\/webfcyc\/2022\/06\/24\/el-cuidado-de-nuestros-mayores-sigue-siendo-la-principal-prioridad-del-proyecto-la-caixa\/\">Leer m\u00e1s<\/a><\/strong><\/p>\n<figure itemscope itemtype=\"https:\/\/schema.org\/ImageObject\">\n\t\t\t\t<a href=\"https:\/\/www.fundacioncuidarycurar.org\/webfcyc\/2022\/02\/03\/resultados-cuida-t-2021\/\"  target=\"_self\" itemprop=\"url\">\n\t\t\t\t<img decoding=\"async\" src=\"https:\/\/www.fundacioncuidarycurar.org\/webfcyc\/wp-content\/uploads\/2022\/02\/2bacff54-7d30-420f-8455-27b7961b4059-3.jpg\" alt=\"2bacff54-7d30-420f-8455-27b7961b4059-3\" title=\"2bacff54-7d30-420f-8455-27b7961b4059-3\" onerror=\"this.style.display='none'\" loading=\"lazy\" \/>\n\t\t\t\t<\/a>\n\t<\/figure>\n\t<p><strong>Resultados Cuida-T 2021<\/strong><\/p>\n<p><em>Feb 04, 2022<\/em><\/p>\n<p>Como ya hemos comunicado, en otras ocasiones, el proyecto cuida-t 2021 ha finalizado y con ello ha conllevado un an\u00e1lisis de resultados. La muestra total era de 137 personas, pero el n\u00famero de usuarios con los que hemos trabajado, a lo largo de todo el proyecto, ha sido de 102 personas&#8230;<\/p>\n<p><strong><a href=\"https:\/\/www.fundacioncuidarycurar.org\/webfcyc\/2022\/02\/03\/resultados-cuida-t-2021\/\">Leer m\u00e1s<\/a><\/strong><\/p>\n<figure itemscope itemtype=\"https:\/\/schema.org\/ImageObject\">\n\t\t\t\t<a href=\"https:\/\/www.fundacioncuidarycurar.org\/webfcyc\/2021\/12\/31\/se-pone-en-marcha-de-nuevo-el-proyecto-cuida-t-2022-desde-la-fundacion-cuidar-y-curar\/\"  target=\"_self\" itemprop=\"url\">\n\t\t\t\t<img decoding=\"async\" src=\"https:\/\/www.fundacioncuidarycurar.org\/webfcyc\/wp-content\/uploads\/2022\/01\/Sin-titulo-1-1.png\" alt=\"Sin t\u00edtulo-1\" title=\"Sin t\u00edtulo-1\" onerror=\"this.style.display='none'\" loading=\"lazy\" \/>\n\t\t\t\t<\/a>\n\t<\/figure>\n\t<p><strong>SE PONE EN MARCHA DE NUEVO EL PROYECTO CUIDA-T 2022 DESDE LA FUNDACI\u00d3N CUIDAR Y CURAR<\/strong><\/p>\n<p><em>Ene 14, 2022<\/em><\/p>\n<p>Empezamos el a\u00f1o con buenas noticias, se pone en marcha de nuevo el proyecto CUIDA-T en casa 2022. Trata de un programa de atenci\u00f3n remota principalmente, a trav\u00e9s de una soluci\u00f3n tecnol\u00f3gica, que permite la monitorizaci\u00f3n de la actividad de las personas mayores en su domicilio. Son capaces de detectar cambios en su rutina y prevenir situaciones de riesgo, mediante la detecci\u00f3n temprana del riesgo o deterioro funcional de la salud, gracias a unos sensores y dispositivos discretos y no intrusivos.<\/p>\n<p><strong><a href=\"https:\/\/www.fundacioncuidarycurar.org\/webfcyc\/2021\/12\/31\/se-pone-en-marcha-de-nuevo-el-proyecto-cuida-t-2022-desde-la-fundacion-cuidar-y-curar\/\">Leer m\u00e1s<\/a><\/strong><\/p>\n<figure itemscope itemtype=\"https:\/\/schema.org\/ImageObject\">\n\t\t\t\t<a href=\"https:\/\/www.fundacioncuidarycurar.org\/webfcyc\/2022\/01\/20\/el-programa-cuida-t-en-casa-2021-finaliza\/\"  target=\"_self\" itemprop=\"url\">\n\t\t\t\t<img decoding=\"async\" src=\"https:\/\/www.fundacioncuidarycurar.org\/webfcyc\/wp-content\/uploads\/2022\/01\/1642669278462rec-scaled.jpg\" alt=\"1642669278462rec\" title=\"1642669278462rec\" onerror=\"this.style.display='none'\" loading=\"lazy\" \/>\n\t\t\t\t<\/a>\n\t<\/figure>\n\t<p><strong>El programa Cuida-T en casa 2021 finaliza<\/strong><\/p>\n<p><em>Dic 31, 2021<\/em><\/p>\n<p>Tras 12 meses,\u00a0 El programa CUIDA-T en casa 2021, de apoyo en el hogar a personas mayores en su propio domicilio, llega a su fin. Con estas personas hemos empleado un \u00a0innovador modelo de cuidados a domicilio \u00abno presencial\u00bb. Este ha sido atendido por un equipo multidisciplinar de la Fundaci\u00f3n Cuidar y Curar, expertos en el cuidado de personas mayores.<\/p>\n<p><strong><a href=\"https:\/\/www.fundacioncuidarycurar.org\/webfcyc\/2022\/01\/20\/el-programa-cuida-t-en-casa-2021-finaliza\/\">Leer m\u00e1s<\/a><\/strong><\/p>\n<figure itemscope itemtype=\"https:\/\/schema.org\/ImageObject\">\n\t\t\t\t<a href=\"https:\/\/www.fundacioncuidarycurar.org\/webfcyc\/2021\/12\/07\/desde-la-residencia-padres-paules-estamos-de-inauguracion\/\"  target=\"_self\" itemprop=\"url\">\n\t\t\t\t<img decoding=\"async\" src=\"https:\/\/www.fundacioncuidarycurar.org\/webfcyc\/wp-content\/uploads\/2021\/12\/Patio-1.png\" alt=\"Patio-1\" title=\"Patio-1\" onerror=\"this.style.display='none'\" loading=\"lazy\" \/>\n\t\t\t\t<\/a>\n\t<\/figure>\n\t<p><strong>Desde la Residencia Padres Pa\u00fales estamos de inauguraci\u00f3n<\/strong><\/p>\n<p><em>Dic 07, 2021<\/em><\/p>\n<p>Desde la Residencia Padres Pa\u00fales estamos de inauguraci\u00f3n. Un centro residencial de innovaci\u00f3n y atenci\u00f3n sanitaria para brindar respuesta a las necesidades f\u00edsicas, emocionales, sociales y espirituales&#8230;<\/p>\n<p><strong><a href=\"https:\/\/www.fundacioncuidarycurar.org\/webfcyc\/2021\/12\/07\/desde-la-residencia-padres-paules-estamos-de-inauguracion\/\">Leer m\u00e1s<\/a><\/strong><\/p>\n<figure itemscope itemtype=\"https:\/\/schema.org\/ImageObject\">\n\t\t\t\t<a href=\"https:\/\/www.fundacioncuidarycurar.org\/webfcyc\/2021\/12\/01\/fundacion-cuidar-y-curar-y-su-proyecto-de-innovacion-sociosanitaria-mediante-atencion-remota-para-el-apoyo-a-domicilio-a-personas-mayores-en-el-ambito-rural\/\"  target=\"_self\" itemprop=\"url\">\n\t\t\t\t<img decoding=\"async\" src=\"https:\/\/www.fundacioncuidarycurar.org\/webfcyc\/wp-content\/uploads\/2021\/12\/WhatsApp-Image-2021-07-20-at-14.00.38-1.jpeg\" alt=\"WhatsApp Image 2021-07-20 at 14.00.38 (1)\" title=\"WhatsApp Image 2021-07-20 at 14.00.38 (1)\" onerror=\"this.style.display='none'\" loading=\"lazy\" \/>\n\t\t\t\t<\/a>\n\t<\/figure>\n\t<p><strong>Seguimos de enhorabuena. Nuestro proyecto Cuida-T ha sido seleccionado por la Fundaci\u00f3n La Caixa dentro de la convocatoria Acci\u00f3n social en el \u00e1mbito rural 2021<\/strong><\/p>\n<p><em>Dic 01, 2021<\/em><\/p>\n<p>Estamos muy orgullosos de anunciar que la Fundaci\u00f3n Cuidar y Curar y nuestro proyecto Cuida-T de innovaci\u00f3n sociosanitaria mediante atenci\u00f3n remota para el apoyo en el domicilio a personas mayores en el \u00e1mbito rural ha sido&#8230;<\/p>\n<p><strong><a href=\"https:\/\/www.fundacioncuidarycurar.org\/webfcyc\/2021\/12\/01\/fundacion-cuidar-y-curar-y-su-proyecto-de-innovacion-sociosanitaria-mediante-atencion-remota-para-el-apoyo-a-domicilio-a-personas-mayores-en-el-ambito-rural\/\">Leer m\u00e1s<\/a><\/strong><\/p>\n<figure itemscope itemtype=\"https:\/\/schema.org\/ImageObject\">\n\t\t\t\t<img decoding=\"async\" src=\"https:\/\/www.fundacioncuidarycurar.org\/webfcyc\/wp-content\/uploads\/2021\/10\/e497120f-142a-49db-bdca-9a01d3b8d5f0.jpg\" alt=\"e497120f-142a-49db-bdca-9a01d3b8d5f0\" title=\"e497120f-142a-49db-bdca-9a01d3b8d5f0\" onerror=\"this.style.display='none'\" loading=\"lazy\" \/>\n\t<\/figure>\n\t<p><strong>Los mayores de And\u00fajar conocen las herramientas \u00abCuida-T en casa\u00bb.<\/strong><\/p>\n<p><em>Oct 21, 2021<\/em><\/p>\n<p><strong>40 personas dependientes de la ciudad ya se benefician de los servicios de este proyecto.<\/strong><\/p>\n<p><a href=\"https:\/\/www.diariojaen.es\/provincia\/los-mayores-de-andujar-conocen-las-herramientas-cuida-t-en-casa-HX8077768\" target=\"_blank\" rel=\"noreferrer noopener\">https:\/\/www.diariojaen.es\/provincia\/los-mayores-de-andujar-conocen-las-herramientas-cuida-t-en-casa-HX8077768<\/a><\/p>\n<p><strong><a href=\"https:\/\/www.fundacioncuidarycurar.org\/webfcyc\/2021\/10\/22\/los-mayores-de-andujar-conocen-las-herramientas-cuida-t-en-casa\/\">Leer m\u00e1s<\/a><\/strong><\/p>\n<figure itemscope itemtype=\"https:\/\/schema.org\/ImageObject\">\n\t\t\t\t<img decoding=\"async\" src=\"https:\/\/www.fundacioncuidarycurar.org\/webfcyc\/wp-content\/uploads\/2021\/10\/Sin-titulo-4.png\" alt=\"Sin t\u00edtulo\" title=\"Sin t\u00edtulo\" onerror=\"this.style.display='none'\" loading=\"lazy\" \/>\n\t<\/figure>\n\t<p><strong>El programa Cuida-T en casa de la Fundaci\u00f3n Cuidar y Curar alcanza la cifra de 100 personas atendidas.<\/strong><\/p>\n<p><em>Sep 01, 2021<\/em><\/p>\n<p>El programa Cuida-T en casa, de apoyo en el hogar a personas mayores en su propio domicilio, continua en marcha y alcanza la cifra de 100 usuarios, cien personas y sus respectivas familias que son atendidas todos los d\u00edas&#8230;<\/p>\n<p><strong><a href=\"https:\/\/www.fundacioncuidarycurar.org\/webfcyc\/2021\/10\/21\/el-programa-cuida-t-en-casa-de-la-fundacion-cuidar-y-curar-alcanza-la-cifra-de-100-personas-atendidas\/\">Leer m\u00e1s<\/a><\/strong><\/p>\n<figure itemscope itemtype=\"https:\/\/schema.org\/ImageObject\">\n\t\t\t\t<img decoding=\"async\" src=\"https:\/\/www.fundacioncuidarycurar.org\/webfcyc\/wp-content\/uploads\/2021\/06\/Attachment.jpeg\" alt=\"Attachment\" title=\"Attachment\" onerror=\"this.style.display='none'\" loading=\"lazy\" \/>\n\t<\/figure>\n\t<p><strong>Roc\u00edo Ruiz, Consejera de Igualdad, Pol\u00edticas Sociales y Conciliaci\u00f3n, visita la Residencia para Personas Mayores San Rafael de Dos Hermanas.<\/strong><\/p>\n<p><em>Jun 07, 2021<\/em><\/p>\n<p>El proyecto de adecuaci\u00f3n funcional y ampliaci\u00f3n del Centro, que comenz\u00f3 en 2018 y se encuentra en un estado de ejecuci\u00f3n avanzado,&#8230;<\/p>\n<p><strong><a href=\"https:\/\/www.fundacioncuidarycurar.org\/webfcyc\/2021\/06\/28\/rocio-ruiz-consejera-de-igualdad-politicas-sociales-y-conciliacion-visita-la-residencia-para-personas-mayores-san-rafael-de-dos-hermanas\/\">Leer m\u00e1s<\/a><\/strong><\/p>\n<figure itemscope itemtype=\"https:\/\/schema.org\/ImageObject\">\n\t\t\t\t<img decoding=\"async\" src=\"https:\/\/www.fundacioncuidarycurar.org\/webfcyc\/wp-content\/uploads\/2021\/07\/WhatsApp-Image-2021-07-26-at-09.10.28-1-1-225x300.jpeg\" alt=\"WhatsApp-Image-2021-07-26-at-09.10.28-1-1\" title=\"WhatsApp-Image-2021-07-26-at-09.10.28-1-1\" onerror=\"this.style.display='none'\" loading=\"lazy\" \/>\n\t<\/figure>\n\t<p><strong>La Fundaci\u00f3n Cuidar y Curar lanza un a\u00f1o m\u00e1s su proyecto Cuida-T<\/strong><\/p>\n<p><em>Mar 01, 2021<\/em><\/p>\n<p>La Fundaci\u00f3n Cuidar y Curar lanza un a\u00f1o m\u00e1s su proyecto Cuida-T en casa, de apoyo en el hogar a personas mayores, fr\u00e1giles y dependientes a trav\u00e9s de un servicio de atenci\u00f3n remota apoyado en las nuevas tecnolog\u00edas.Este a\u00f1o el proyecto Cuida-T se amplia para a tender a una poblaci\u00f3n&#8230;<\/p>\n<p><strong><a href=\"https:\/\/www.fundacioncuidarycurar.org\/webfcyc\/2021\/03\/01\/la-fundacion-cuidar-y-curar-lanza-un-ano-mas-su-proyecto-cuida-t\/\">Leer m\u00e1s<\/a><\/strong><\/p>\n<figure itemscope itemtype=\"https:\/\/schema.org\/ImageObject\">\n\t\t\t\t<a href=\"https:\/\/www.fundacioncuidarycurar.org\/webfcyc\/2020\/10\/24\/desarrollamos-un-innovador-exoesqueleto-blando-junto-a-terasalud-y-aura-cuidados\/\"  target=\"_self\" itemprop=\"url\">\n\t\t\t\t<img decoding=\"async\" src=\"https:\/\/www.fundacioncuidarycurar.org\/webfcyc\/wp-content\/uploads\/2023\/03\/exoesqueleto.jpg\" alt=\"exoesqueleto\" height=\"375\" width=\"667\" title=\"exoesqueleto\" onerror=\"this.style.display='none'\" loading=\"lazy\" \/>\n\t\t\t\t<\/a>\n\t<\/figure>\n\t<p><strong>Desarrollamos un innovador exoesqueleto blando junto a Terasalud y AURA Cuidados<\/strong><\/p>\n<p><em>Oct 24, 2020<\/em><\/p>\n<p>Un grupo de investigadores est\u00e1 en la \u00faltima fase de desarrollo de un pionero exoesqueleto blando, ligero y con control inteligente, basado en tecnolog\u00eda SMA (Shape-Memory Alloy), para periodos de rehabilitaci\u00f3n o asistencia en miembros superiores, y en un futuro, en rodilla, dirigido a personas de la tercera edad.<\/p>\n<p><strong><a href=\"https:\/\/www.fundacioncuidarycurar.org\/webfcyc\/2020\/10\/24\/desarrollamos-un-innovador-exoesqueleto-blando-junto-a-terasalud-y-aura-cuidados\/\">Leer m\u00e1s<\/a><\/strong><\/p>\n<figure itemscope itemtype=\"https:\/\/schema.org\/ImageObject\">\n\t\t\t\t<img decoding=\"async\" src=\"https:\/\/www.fundacioncuidarycurar.org\/webfcyc\/wp-content\/uploads\/2021\/07\/Fundacion-Cuidar-y-Curar-promueve-el-desarrollo-de-un-innovador-exoesqueleto-blando-300x187.jpg\" alt=\"Fundaci\u00f3n-Cuidar-y-Curar-promueve-el-desarrollo-de-un-innovador-exoesqueleto-blando\" title=\"Fundaci\u00f3n-Cuidar-y-Curar-promueve-el-desarrollo-de-un-innovador-exoesqueleto-blando\" onerror=\"this.style.display='none'\" loading=\"lazy\" \/>\n\t<\/figure>\n\t<p><strong>La Fundaci\u00f3n Cuidar y Curar promueve el desarrollo de un innovador exoesqueleto blando para la rehabilitaci\u00f3n o asistencia<\/strong><\/p>\n<p><em>Ago 31, 2020<\/em><\/p>\n<p>Un grupo de investigadores est\u00e1 en la \u00faltima fase de desarrollo de un pionero exoesqueleto blando, ligero y con control inteligente, basado en&#8230;<\/p>\n<p><strong><a href=\"https:\/\/www.fundacioncuidarycurar.org\/webfcyc\/2020\/08\/31\/la-fundacion-cuidar-y-curar-promueve-el-desarrollo-de-un-innovador-exoesqueleto-blando-para-la-rehabilitacion-o-asistencia\/\">Leer m\u00e1s<\/a><\/strong><\/p>\n<figure itemscope itemtype=\"https:\/\/schema.org\/ImageObject\">\n\t\t\t\t<a href=\"https:\/\/www.fundacioncuidarycurar.org\/webfcyc\/2021\/11\/25\/un-edificio-con-la-historia-del-seminario-de-andujar\/\"  target=\"_self\" itemprop=\"url\">\n\t\t\t\t<img decoding=\"async\" src=\"https:\/\/www.fundacioncuidarycurar.org\/webfcyc\/wp-content\/uploads\/2021\/11\/patio-2-4.png\" alt=\"patio 2\" title=\"patio 2\" onerror=\"this.style.display='none'\" loading=\"lazy\" \/>\n\t\t\t\t<\/a>\n\t<\/figure>\n\t<p><strong>El edificio del antiguo seminario de And\u00fajar albergar\u00e1 un centro asistencial para mayores<\/strong><\/p>\n<p><em>Jul 01, 2020<\/em><\/p>\n<p><strong>Propiciar\u00e1 la creaci\u00f3n de 100 puestos de trabajo y constar\u00e1 de 120 plazas<\/strong><\/p>\n<p><a href=\"https:\/\/andujar.ideal.es\/andujar\/edificio-antiguo-seminario-20190130092923-nt.html?ref=https%3A%2F%2Fwww.google.com%2F\" target=\"_blank\" rel=\"noopener\">https:\/\/andujar.ideal.es\/andujar\/edificio-antiguo-seminario-20190130092923-nt.html ref=https%3A%2F%2Fwww.google.com%2F<\/a><\/p>\n<p><strong><a href=\"https:\/\/www.fundacioncuidarycurar.org\/webfcyc\/2021\/11\/25\/un-edificio-con-la-historia-del-seminario-de-andujar\/\">Leer m\u00e1s<\/a><\/strong><\/p>\n<figure itemscope itemtype=\"https:\/\/schema.org\/ImageObject\">\n\t\t\t\t<img decoding=\"async\" src=\"https:\/\/www.fundacioncuidarycurar.org\/webfcyc\/wp-content\/uploads\/2021\/07\/imgart_1182-300x300.jpg\" alt=\"imgart_1182\" title=\"imgart_1182\" onerror=\"this.style.display='none'\" loading=\"lazy\" \/>\n\t<\/figure>\n\t<p><strong>La Fundaci\u00f3n Cuidar y Curar pone en marcha el proyecto CuidaT<\/strong><\/p>\n<p><em>Ene 02, 2019\u00a0 <\/em><\/p>\n<p>El proyecto CuidaT fue seleccionado por la Consejer\u00eda de Igualdad y Pol\u00edticas Sociales de la Junta de Andaluc\u00eda en la concesi\u00f3n de subvenciones para llevar a cabo actuaciones con fines de inter\u00e9s social con fines de inter\u00e9s social&#8230;<\/p>\n<p><strong><a href=\"https:\/\/www.fundacioncuidarycurar.org\/webfcyc\/2019\/03\/29\/la-fundacion-cuidar-y-curar-pone-en-marcha-el-proyecto-cuidat\/\">Leer m\u00e1s<\/a><\/strong><\/p>\n\n","protected":false},"excerpt":{"rendered":"<p>Noticias Fundaci\u00f3n Cuidar y Curar participa en dos jornadas formativas sobre atenci\u00f3n a la soledad no deseada y vida activa Mar 10, [&hellip;]<\/p>\n","protected":false},"author":1,"featured_media":0,"parent":0,"menu_order":0,"comment_status":"closed","ping_status":"closed","template":"page-templates\/page_fullwidth.php","meta":{"footnotes":""},"class_list":["post-1909","page","type-page","status-publish","hentry"],"_links":{"self":[{"href":"https:\/\/www.fundacioncuidarycurar.org\/webfcyc\/wp-json\/wp\/v2\/pages\/1909","targetHints":{"allow":["GET"]}}],"collection":[{"href":"https:\/\/www.fundacioncuidarycurar.org\/webfcyc\/wp-json\/wp\/v2\/pages"}],"about":[{"href":"https:\/\/www.fundacioncuidarycurar.org\/webfcyc\/wp-json\/wp\/v2\/types\/page"}],"author":[{"embeddable":true,"href":"https:\/\/www.fundacioncuidarycurar.org\/webfcyc\/wp-json\/wp\/v2\/users\/1"}],"replies":[{"embeddable":true,"href":"https:\/\/www.fundacioncuidarycurar.org\/webfcyc\/wp-json\/wp\/v2\/comments?post=1909"}],"version-history":[{"count":11,"href":"https:\/\/www.fundacioncuidarycurar.org\/webfcyc\/wp-json\/wp\/v2\/pages\/1909\/revisions"}],"predecessor-version":[{"id":3421,"href":"https:\/\/www.fundacioncuidarycurar.org\/webfcyc\/wp-json\/wp\/v2\/pages\/1909\/revisions\/3421"}],"wp:attachment":[{"href":"https:\/\/www.fundacioncuidarycurar.org\/webfcyc\/wp-json\/wp\/v2\/media?parent=1909"}],"curies":[{"name":"wp","href":"https:\/\/api.w.org\/{rel}","templated":true}]}}